{"version":"1.0","provider_name":"CENED Cursos Online","provider_url":"https:\/\/cenedcursos.com.br\/meio-ambiente","author_name":"Amarildo R. Ferrari","author_url":"https:\/\/cenedcursos.com.br\/meio-ambiente\/author\/admin\/","title":"O Educando: Seus Valores e o Meio Ambiente - Uma Reflex\u00e3o - CENED Cursos Online","type":"rich","width":600,"height":338,"html":"<blockquote class=\"wp-embedded-content\" data-secret=\"G0TIA2E07X\"><a href=\"https:\/\/cenedcursos.com.br\/meio-ambiente\/educando-valores-meio-ambiente\/\">O Educando: Seus Valores e o Meio Ambiente &#8211; Uma Reflex\u00e3o<\/a><\/blockquote><iframe sandbox=\"allow-scripts\" security=\"restricted\" src=\"https:\/\/cenedcursos.com.br\/meio-ambiente\/educando-valores-meio-ambiente\/embed\/#?secret=G0TIA2E07X\" width=\"600\" height=\"338\" title=\"&#8220;O Educando: Seus Valores e o Meio Ambiente &#8211; Uma Reflex\u00e3o&#8221; &#8212; CENED Cursos Online\" data-secret=\"G0TIA2E07X\" frameborder=\"0\" marginwidth=\"0\" marginheight=\"0\" scrolling=\"no\" class=\"wp-embedded-content\"><\/iframe><script type=\"text\/javascript\">\n\/* <![CDATA[ *\/\n\/*! This file is auto-generated *\/\n!function(d,l){\"use strict\";l.querySelector&&d.addEventListener&&\"undefined\"!=typeof URL&&(d.wp=d.wp||{},d.wp.receiveEmbedMessage||(d.wp.receiveEmbedMessage=function(e){var t=e.data;if((t||t.secret||t.message||t.value)&&!\/[^a-zA-Z0-9]\/.test(t.secret)){for(var s,r,n,a=l.querySelectorAll('iframe[data-secret=\"'+t.secret+'\"]'),o=l.querySelectorAll('blockquote[data-secret=\"'+t.secret+'\"]'),c=new RegExp(\"^https?:$\",\"i\"),i=0;i<o.length;i++)o[i].style.display=\"none\";for(i=0;i<a.length;i++)s=a[i],e.source===s.contentWindow&&(s.removeAttribute(\"style\"),\"height\"===t.message?(1e3<(r=parseInt(t.value,10))?r=1e3:~~r<200&&(r=200),s.height=r):\"link\"===t.message&&(r=new URL(s.getAttribute(\"src\")),n=new URL(t.value),c.test(n.protocol))&&n.host===r.host&&l.activeElement===s&&(d.top.location.href=t.value))}},d.addEventListener(\"message\",d.wp.receiveEmbedMessage,!1),l.addEventListener(\"DOMContentLoaded\",function(){for(var e,t,s=l.querySelectorAll(\"iframe.wp-embedded-content\"),r=0;r<s.length;r++)(t=(e=s[r]).getAttribute(\"data-secret\"))||(t=Math.random().toString(36).substring(2,12),e.src+=\"#?secret=\"+t,e.setAttribute(\"data-secret\",t)),e.contentWindow.postMessage({message:\"ready\",secret:t},\"*\")},!1)))}(window,document);\n\/\/# sourceURL=https:\/\/cenedcursos.com.br\/meio-ambiente\/wp-includes\/js\/wp-embed.min.js\n\/* ]]> *\/\n<\/script>\n","thumbnail_url":"https:\/\/cenedcursos.com.br\/meio-ambiente\/wp-content\/uploads\/2010\/08\/educando-para-valores.webp","thumbnail_width":1200,"thumbnail_height":800,"description":"A pr\u00e1xis do homem n\u00e3o \u00e9\u00a0 atividade pr\u00e1tica contraposta \u00e0 teoria;\u00a0\u00a0 \u00e9\u00a0 determina\u00e7\u00e3o da exist\u00eancia humana como elabora\u00e7\u00e3o da\u00a0 realidade. Karel Kosik O homem \u00e9 um ser\u00a0 de rela\u00e7\u00f5es, um ser que\u00a0 se encontra numa situa\u00e7\u00e3o de permanente relacionamento com sua pr\u00f3pria interioridade, formando assim sua racionalidade, por\u00e9m sem se\u00a0 afastar dos seus\u00a0 semelhantes pr\u00f3ximos [&hellip;]"}