{"id":13900,"date":"2020-02-02T20:57:47","date_gmt":"2020-02-02T20:57:47","guid":{"rendered":"https:\/\/cenedcursos.com.br\/posgraduacao\/?post_type=product&#038;p=13900"},"modified":"2022-10-06T18:45:33","modified_gmt":"2022-10-06T18:45:33","slug":"estetica-e-cosmetologia","status":"publish","type":"product","link":"https:\/\/cenedcursos.com.br\/posgraduacao\/produto\/estetica-e-cosmetologia\/","title":{"rendered":"Est\u00e9tica e Cosmetologia"},"content":{"rendered":"<p style=\"text-align: justify;\"><span style=\"color: #000000;\"><strong><span style=\"font-size: 140%;\">P\u00f3s-Gradua\u00e7\u00e3o em Est\u00e9tica e Cosmetologia<\/span><\/strong><\/span><\/p>\n<p style=\"text-align: justify;\"><span style=\"color: #000000;\">Este curso foi desenvolvido para preparar especialistas em cosmetologia de alta qualifica\u00e7\u00e3o, que s\u00e3o criativos, pensam cr\u00edtica e socialmente respons\u00e1veis, compreendem os princ\u00edpios do estilo de vida saud\u00e1vel, s\u00e3o capazes de avaliar a influ\u00eancia de fatores externos e internos para a sa\u00fade e a pele, fornecer procedimentos de cosmetologia, aplicar tecnologias modernas, gerenciar de forma respons\u00e1vel e eficaz os processos de neg\u00f3cios de servi\u00e7os de beleza, desenvolver e buscar constante aprimoramento pessoal e profissional.<\/span><\/p>\n<h4 id=\"ui-id-3\" class=\"qodef-accordion-title ui-accordion-header ui-state-default ui-accordion-header-active ui-state-active ui-corner-top\" style=\"text-align: justify;\" tabindex=\"0\" role=\"tab\" aria-controls=\"ui-id-4\" aria-selected=\"true\" aria-expanded=\"true\"><span style=\"color: #000000;\"><strong><span class=\"qodef-tab-title\">Objetivo<\/span><\/strong><\/span><\/h4>\n<div id=\"ui-id-4\" class=\"qodef-accordion-content ui-accordion-content ui-helper-reset ui-widget-content ui-corner-bottom ui-accordion-content-active\" style=\"text-align: justify;\" role=\"tabpanel\" aria-labelledby=\"ui-id-3\" aria-hidden=\"false\">\n<div class=\"qodef-accordion-content-inner\">\n<div class=\"wpb_text_column wpb_content_element \">\n<div class=\"wpb_wrapper\"><span style=\"color: #000000;\">Capacitar o profissional para desenvolver um conhecimento atual dos mercados mundiais de est\u00e9tica e cosm\u00e9ticos, principais consumidores e tend\u00eancias do consumidor. Compreender e dominar as aplica\u00e7\u00f5es dos tipos de cosm\u00e9ticos.<\/span><\/div>\n<\/div>\n<\/div>\n<\/div>\n<h4 id=\"ui-id-5\" class=\"qodef-accordion-title ui-accordion-header ui-state-default ui-corner-all ui-state-focus\" style=\"text-align: justify;\" tabindex=\"-1\" role=\"tab\" aria-controls=\"ui-id-6\" aria-selected=\"false\" aria-expanded=\"false\"><span style=\"color: #000000;\"><strong><span class=\"qodef-tab-title\">P\u00fablico Alvo<\/span><\/strong><\/span><\/h4>\n<p style=\"text-align: justify;\"><span style=\"color: #000000;\">O Curso de P\u00f3s-Gradua\u00e7\u00e3o em Est\u00e9tica e Cosmetologia \u00e9 destinado a graduados em Est\u00e9tica que desejam atuar na \u00e1rea da est\u00e9tica e cosmetologia. O curso \u00e9 estendido aos profissionais das demais \u00e1reas que desejam adquirir conhecimento interdisciplinar no objeto do curso.<\/span><\/p>\n<div class=\"wpb_wrapper\"><\/div>\n<div>\n<table style=\"border-collapse: collapse; width: 100%;\">\n<tbody>\n<tr>\n<th style=\"width: 8.10157%; text-align: justify;\"><span style=\"color: #000000;\">M\u00d3DULO<\/span><\/th>\n<th style=\"width: 88.3918%; text-align: justify;\"><span style=\"color: #000000;\">DISCIPLINA<\/span><\/th>\n<th style=\"width: 3.38573%; text-align: justify;\"><span style=\"color: #000000;\">CH<\/span><\/th>\n<\/tr>\n<tr>\n<th style=\"width: 8.10157%; text-align: justify;\"><span style=\"color: #000000;\">1<\/span><\/th>\n<td style=\"width: 88.3918%; text-align: justify;\">\n<div class=\"qodef-accordion-holder qodef-ac-default  qodef-toggle clearfix accordion ui-accordion ui-accordion-icons ui-widget ui-helper-reset\">\n<h4 class=\"qodef-accordion-title ui-accordion-header ui-corner-top ui-accordion-header-active ui-state-active ui-state-hover\"><span class=\"qodef-tab-title\" style=\"color: #000000;\">Doc\u00eancia no Ensino Superior<\/span><\/h4>\n<div class=\"qodef-accordion-content ui-accordion-content ui-helper-reset ui-widget-content ui-corner-bottom ui-accordion-content-active\" role=\"tabpanel\" aria-hidden=\"true\">\n<div class=\"qodef-accordion-content-inner\">\n<div class=\"wpb_text_column wpb_content_element\">\n<div class=\"wpb_wrapper\">\n<p><span style=\"color: #000000;\">O ensino superior no Brasil. A Universidade na sociedade. Legisla\u00e7\u00e3o da Educa\u00e7\u00e3o Superior. A pr\u00e1tica docente no contexto da LDB (Lei n.\u00ba 9.394\/96). As teorias pedag\u00f3gicas. A did\u00e1tica: defini\u00e7\u00e3o e import\u00e2ncia no ensino superior. Planejamento do ensino. Elabora\u00e7\u00e3o de planos de ensino e pr\u00e1tica docente. Avalia\u00e7\u00e3o educacional. Ambiente virtual de aprendizagem e tecnologias para o ensino. Intera\u00e7\u00f5es em sala de aula EAD e Presencial: o papel dos professores e dos alunos.<\/span><\/p>\n<\/div>\n<\/div>\n<\/div>\n<\/div>\n<\/div>\n<\/td>\n<td style=\"width: 3.38573%; text-align: justify;\"><span style=\"color: #000000;\">60h<\/span><\/td>\n<\/tr>\n<tr>\n<th style=\"width: 8.10157%; text-align: justify;\"><span style=\"color: #000000;\">2<\/span><\/th>\n<td style=\"width: 88.3918%; text-align: justify;\">\n<div class=\"qodef-accordion-holder qodef-ac-default  qodef-toggle clearfix accordion ui-accordion ui-accordion-icons ui-widget ui-helper-reset\">\n<h4 class=\"qodef-accordion-title ui-accordion-header ui-corner-top ui-accordion-header-active ui-state-active ui-state-hover\"><span class=\"qodef-tab-title\" style=\"color: #000000;\">Metodologia do Trabalho Cient\u00edfico<\/span><\/h4>\n<div class=\"qodef-accordion-content ui-accordion-content ui-helper-reset ui-widget-content ui-corner-bottom ui-accordion-content-active\" role=\"tabpanel\" aria-hidden=\"true\">\n<div class=\"qodef-accordion-content-inner\">\n<div class=\"wpb_text_column wpb_content_element\">\n<div class=\"wpb_wrapper\">\n<p><span style=\"color: #000000;\">Conceitos de ci\u00eancia, m\u00e9todo cient\u00edfico, hip\u00f3teses, vari\u00e1veis, probabilidade, validade, fidedignidade, amostragem; delineamentos de pesquisa; metodologia qualitativa e quantitativa; aplica\u00e7\u00e3o de question\u00e1rio em pesquisas; caracteriza\u00e7\u00e3o da linguagem cient\u00edfica e do sistema de produ\u00e7\u00e3o cient\u00edfico; elabora\u00e7\u00e3o de pesquisa acad\u00eamico-cient\u00edfica; \u00e9tica na pesquisa; t\u00e9cnicas de apresenta\u00e7\u00e3o. Resumo cient\u00edfico, artigo cient\u00edfico, ficha catalogr\u00e1fica, pr\u00e9 projeto de pesquisa, resenha, relat\u00f3rios de pesquisa, fichamento.<\/span><\/p>\n<\/div>\n<\/div>\n<\/div>\n<\/div>\n<\/div>\n<\/td>\n<td style=\"width: 3.38573%; text-align: justify;\"><span style=\"color: #000000;\">60h<\/span><\/td>\n<\/tr>\n<tr>\n<th style=\"width: 8.10157%; text-align: justify;\"><span style=\"color: #000000;\">3<\/span><\/th>\n<td style=\"width: 88.3918%; text-align: justify;\">\n<div class=\"qodef-accordion-holder qodef-ac-default  qodef-toggle clearfix accordion ui-accordion ui-accordion-icons ui-widget ui-helper-reset\">\n<h4 class=\"qodef-accordion-title ui-accordion-header ui-corner-top ui-accordion-header-active ui-state-active ui-state-hover\"><span class=\"qodef-tab-title\" style=\"color: #000000;\">Empreendedorismo Pessoal<\/span><\/h4>\n<div class=\"qodef-accordion-content ui-accordion-content ui-helper-reset ui-widget-content ui-corner-bottom ui-accordion-content-active\" role=\"tabpanel\" aria-hidden=\"true\">\n<div class=\"qodef-accordion-content-inner\">\n<div class=\"wpb_text_column wpb_content_element\">\n<div class=\"wpb_wrapper\">\n<p><span style=\"color: #000000;\">O emprego do futuro; Habilidades do profissional do futuro: Flexibilidade cognitiva, Negocia\u00e7\u00e3o, Orienta\u00e7\u00e3o para servir, Julgamento e tomada de decis\u00f5es, Autocontrole e Intelig\u00eancia emocional, Coordena\u00e7\u00e3o com os outros, Gest\u00e3o de pessoas, Criatividade e Vis\u00e3o inovadora, Pensamento Critico, Resolu\u00e7\u00e3o de problemas, Busca constante de conhecimento, Lideran\u00e7a pelo exemplo, Conex\u00f5es interpessoais, Determina\u00e7\u00e3o e Flexibilidade, Assumindo Riscos, Investimento de recursos; Proatividade; Planejamento estrat\u00e9gico; Gest\u00e3o do Tempo; Gest\u00e3o de Recursos Pessoais; Gest\u00e3o do conhecimento; Gest\u00e3o motivacional.<\/span><\/p>\n<\/div>\n<\/div>\n<\/div>\n<\/div>\n<\/div>\n<\/td>\n<td style=\"width: 3.38573%; text-align: justify;\"><span style=\"color: #000000;\">60h<\/span><\/td>\n<\/tr>\n<tr>\n<th style=\"width: 8.10157%; text-align: justify;\"><span style=\"color: #000000;\">4<\/span><\/th>\n<td style=\"width: 88.3918%; text-align: justify;\">\n<div class=\"qodef-accordion-holder qodef-ac-default  qodef-toggle clearfix accordion ui-accordion ui-accordion-icons ui-widget ui-helper-reset\">\n<h4 class=\"qodef-accordion-title ui-accordion-header ui-corner-top ui-accordion-header-active ui-state-active ui-state-hover\"><span class=\"qodef-tab-title\" style=\"color: #000000;\">Meios Digitais e o Profissional do Futuro<\/span><\/h4>\n<div class=\"qodef-accordion-content ui-accordion-content ui-helper-reset ui-widget-content ui-corner-bottom ui-accordion-content-active\" role=\"tabpanel\" aria-hidden=\"true\">\n<div class=\"qodef-accordion-content-inner\">\n<div class=\"wpb_text_column wpb_content_element\">\n<div class=\"wpb_wrapper\">\n<p><span style=\"color: #000000;\">O que \u00e9 transforma\u00e7\u00e3o digital?; Quais s\u00e3o as tend\u00eancias da transforma\u00e7\u00e3o digital?; Intelig\u00eancia Artificial: trabalha com a cria\u00e7\u00e3o de m\u00e1quinas inteligentes que executam fun\u00e7\u00f5es de maneira semelhante aos humanos; Realidade Virtual: cria uma situa\u00e7\u00e3o similar \u00e0 real usando artif\u00edcios digitais e tecnol\u00f3gicos; Business Intelligence: a utiliza\u00e7\u00e3o de informa\u00e7\u00f5es e dados para gerar intelig\u00eancia que pode ser aplicada na tomada de decis\u00e3o de um neg\u00f3cio; Automa\u00e7\u00e3o de Marketing: usa a tecnologia para diminuir o trabalho manual e garantir a assertividade das a\u00e7\u00f5es de marketing de uma empresa; Data Science: a ci\u00eancia que analisa os dados para possibilitar decis\u00f5es mais assertivas; Como a transforma\u00e7\u00e3o digital afeta sua carreira?; Como se preparar profissionalmente?; Estude muito; Pense no cliente; Conhe\u00e7a seus concorrentes; Analise seus dados; Crie propostas de valor; Tente inovar; Como a revolu\u00e7\u00e3o digital influencia na escolha da carreira?; Carreiras digitais: minha profiss\u00e3o vai morrer?<\/span><\/p>\n<\/div>\n<\/div>\n<\/div>\n<\/div>\n<\/div>\n<\/td>\n<td style=\"width: 3.38573%; text-align: justify;\"><span style=\"color: #000000;\">60h<\/span><\/td>\n<\/tr>\n<tr>\n<th style=\"width: 8.10157%; text-align: justify;\"><span style=\"color: #000000;\">5<\/span><\/th>\n<td style=\"width: 88.3918%; text-align: justify;\">\n<div class=\"qodef-accordion-holder qodef-ac-default  qodef-toggle clearfix accordion ui-accordion ui-accordion-icons ui-widget ui-helper-reset\">\n<h4 class=\"qodef-accordion-title ui-accordion-header ui-corner-top ui-accordion-header-active ui-state-active ui-state-hover\"><span class=\"qodef-tab-title\" style=\"color: #000000;\">Marketing Pessoal<\/span><\/h4>\n<div class=\"qodef-accordion-content ui-accordion-content ui-helper-reset ui-widget-content ui-corner-bottom ui-accordion-content-active\" role=\"tabpanel\" aria-hidden=\"true\">\n<div class=\"qodef-accordion-content-inner\">\n<div class=\"wpb_text_column wpb_content_element\">\n<div class=\"wpb_wrapper\">\n<p><span style=\"color: #000000;\">Marketing Inteligente. Portif\u00f3lios de produtos. Marketing pessoal profissional. Promo\u00e7\u00e3o pessoal, da imagem e comunica\u00e7\u00e3o. Personal Branding.<\/span><\/p>\n<\/div>\n<\/div>\n<\/div>\n<\/div>\n<\/div>\n<\/td>\n<td style=\"width: 3.38573%; text-align: justify;\"><span style=\"color: #000000;\">60h<\/span><\/td>\n<\/tr>\n<tr>\n<th style=\"width: 8.10157%; text-align: justify;\"><span style=\"color: #000000;\">6<\/span><\/th>\n<td style=\"width: 88.3918%; text-align: justify;\">\n<div class=\"qodef-accordion-holder qodef-ac-default  qodef-toggle clearfix accordion ui-accordion ui-accordion-icons ui-widget ui-helper-reset\">\n<h4 class=\"qodef-accordion-title ui-accordion-header ui-corner-top ui-accordion-header-active ui-state-active ui-state-hover\"><span class=\"qodef-tab-title\" style=\"color: #000000;\">\u00c9tica e Cidadania<\/span><\/h4>\n<div class=\"qodef-accordion-content ui-accordion-content ui-helper-reset ui-widget-content ui-corner-bottom ui-accordion-content-active\" role=\"tabpanel\" aria-hidden=\"true\">\n<div class=\"qodef-accordion-content-inner\">\n<div class=\"wpb_text_column wpb_content_element\">\n<div class=\"wpb_wrapper\">\n<p><span style=\"color: #000000;\">\u00c9tica e Moral: Conceitos e Evolu\u00e7\u00e3o Hist\u00f3rica; O que \u00e9 \u00c9tica e Moral?; Evolu\u00e7\u00e3o Hist\u00f3rica dos Conceitos; A Rela\u00e7\u00e3o entre \u00c9tica e Moral; \u00c9tica e Moral nas Rela\u00e7\u00f5es Sociais; \u00c9tica, Moral e ; Desafios do Exerc\u00edcio da Cidadania no Brasil; A Consolida\u00e7\u00e3o da Democracia ap\u00f3s 1988; Os Desafios para o Exerc\u00edcio Pleno da Cidadania; Direito; \u00c9tica na Pol\u00edtica; \u00c9tica das Convic\u00e7\u00f5es e \u00c9tica da Responsabilidade; \u00c9tica, Moral e Pol\u00edtica: A Constru\u00e7\u00e3o da Cidadania; O Conceito de Cidadania e sua Evolu\u00e7\u00e3o Hist\u00f3rica; Cidadania e Direitos Fundamentais; A Cidadania no Mundo Globalizado; Cidadania no Brasil; A Afirma\u00e7\u00e3o da Ideia de Cidadania no Brasil; A Cidadania no Imp\u00e9rio; A Cidadania na Rep\u00fablica; A Cidadania na Redemocratiza\u00e7\u00e3o; A Cidadania e as Desigualdades Sociais; \u00c9tica nas Rela\u00e7\u00f5es de Trabalho: O C\u00f3digo de \u00c9tica Profissional; \u00c9tica, Mercado e Institui\u00e7\u00f5es; A Responsabilidade Social das Organiza\u00e7\u00f5es; \u00c9tica nas Burocracias P\u00fablicas e Privadas; O C\u00f3digo de \u00c9tica Profissional; Os Conselhos Profissionais de \u00c9tica; \u00c9tica e Cidadania nas Rela\u00e7\u00f5es de Trabalho.<\/span><\/p>\n<\/div>\n<\/div>\n<\/div>\n<\/div>\n<\/div>\n<\/td>\n<td style=\"width: 3.38573%; text-align: justify;\"><span style=\"color: #000000;\">60h<\/span><\/td>\n<\/tr>\n<tr>\n<th style=\"width: 8.10157%; text-align: justify;\"><span style=\"color: #000000;\">7<\/span><\/th>\n<td style=\"width: 88.3918%; text-align: justify;\">\n<div class=\"qodef-accordion-holder qodef-ac-default  qodef-toggle clearfix accordion ui-accordion ui-accordion-icons ui-widget ui-helper-reset\">\n<h4 class=\"qodef-accordion-title ui-accordion-header ui-corner-top ui-accordion-header-active ui-state-active ui-state-hover\"><span class=\"qodef-tab-title\" style=\"color: #000000;\">Fundamentos da Est\u00e9tica<\/span><\/h4>\n<div class=\"qodef-accordion-content ui-accordion-content ui-helper-reset ui-widget-content ui-corner-bottom ui-accordion-content-active\" role=\"tabpanel\" aria-hidden=\"true\">\n<div class=\"qodef-accordion-content-inner\">\n<div class=\"wpb_text_column wpb_content_element\">\n<div class=\"wpb_wrapper\">\n<p><span style=\"color: #000000;\">Introdu\u00e7\u00e3o \u00e0 Est\u00e9tica: Estudo do Papel e Exerc\u00edcio Profissional, Habilidades e Compet\u00eancias aplicadas \u00e0 Biomedicina Est\u00e9tica; Biosseguran\u00e7a Aplicada: Estudo das A\u00e7\u00f5es para Preven\u00e7\u00e3o, Minimiza\u00e7\u00e3o ou Elimina\u00e7\u00e3o de Riscos Inerentes ao Desenvolvimento de Atividades em Est\u00e9tica; Farmacologia Aplicada: Estudo da composi\u00e7\u00e3o de formula\u00e7\u00f5es e a\u00e7\u00e3o de produtos cosm\u00e9ticos destinados ao emprego na pele e cabelos bem como os riscos envolvidos na utiliza\u00e7\u00e3o de cosm\u00e9ticos; Avalia\u00e7\u00e3o e Consulta Est\u00e9tica: Anamnese corporal e facial, An\u00e1lise das disfun\u00e7\u00f5es est\u00e9ticas (dermato-fisiol\u00f3gicas), Classifica\u00e7\u00e3o da pele, Classifica\u00e7\u00e3o da S\u00edndrome de Desarmonia Corporal, Defini\u00e7\u00e3o e estrat\u00e9gia do tratamento est\u00e9tico a ser realizado, Dermatosc\u00f3pio, Evolu\u00e7\u00e3o do paciente saud\u00e1vel, Prescri\u00e7\u00e3o Biom\u00e9dica.<\/span><\/p>\n<\/div>\n<\/div>\n<\/div>\n<\/div>\n<\/div>\n<\/td>\n<td style=\"width: 3.38573%; text-align: justify;\"><span style=\"color: #000000;\">60h<\/span><\/td>\n<\/tr>\n<tr>\n<th style=\"width: 8.10157%; text-align: justify;\"><span style=\"color: #000000;\">8<\/span><\/th>\n<td style=\"width: 88.3918%; text-align: justify;\">\n<div class=\"qodef-accordion-holder qodef-ac-default  qodef-toggle clearfix accordion ui-accordion ui-accordion-icons ui-widget ui-helper-reset\">\n<h4 class=\"qodef-accordion-title ui-accordion-header ui-corner-top ui-accordion-header-active ui-state-active ui-state-hover\"><span class=\"qodef-tab-title\" style=\"color: #000000;\">Fundamentos de Cosmetologia<\/span><\/h4>\n<div class=\"qodef-accordion-content ui-accordion-content ui-helper-reset ui-widget-content ui-corner-bottom ui-accordion-content-active\" role=\"tabpanel\" aria-hidden=\"true\">\n<div class=\"qodef-accordion-content-inner\">\n<div class=\"wpb_text_column wpb_content_element\">\n<div class=\"wpb_wrapper\">\n<p><span style=\"color: #000000;\">Introdu\u00e7\u00e3o \u00e0 cosm\u00e9tica. Riscos e sua classifica\u00e7\u00e3o na utiliza\u00e7\u00e3o de cosm\u00e9ticos. Caracter\u00edsticas dos grupos funcionais das mol\u00e9culas. Estrutura qu\u00edmica e fun\u00e7\u00f5es das mol\u00e9culas e biomol\u00e9culas aplicadas em produtos cosm\u00e9ticos. Mecanismos de a\u00e7\u00e3o de ativos com conhecimentos te\u00f3ricos e pr\u00e1ticos para a aplica\u00e7\u00e3o na est\u00e9tica. Ve\u00edculos de produtos cosm\u00e9ticos usados para limpeza e tratamento da pele. Novas tend\u00eancias no setor cosm\u00e9tico.<\/span><\/p>\n<\/div>\n<\/div>\n<\/div>\n<\/div>\n<\/div>\n<\/td>\n<td style=\"width: 3.38573%; text-align: justify;\"><span style=\"color: #000000;\">60h<\/span><\/td>\n<\/tr>\n<tr>\n<th style=\"width: 8.10157%; text-align: justify;\"><span style=\"color: #000000;\">9<\/span><\/th>\n<td style=\"width: 88.3918%; text-align: justify;\">\n<div class=\"qodef-accordion-holder qodef-ac-default  qodef-toggle clearfix accordion ui-accordion ui-accordion-icons ui-widget ui-helper-reset\">\n<h4 class=\"qodef-accordion-title ui-accordion-header ui-corner-top ui-accordion-header-active ui-state-active ui-state-hover\"><span class=\"qodef-tab-title\" style=\"color: #000000;\">Biologia Aplicada \u00e0 Est\u00e9tica<\/span><\/h4>\n<div class=\"qodef-accordion-content ui-accordion-content ui-helper-reset ui-widget-content ui-corner-bottom ui-accordion-content-active\" role=\"tabpanel\" aria-hidden=\"true\">\n<div class=\"qodef-accordion-content-inner\">\n<div class=\"wpb_text_column wpb_content_element\">\n<div class=\"wpb_wrapper\">\n<p><span style=\"color: #000000;\">Anatomia: Conceitos b\u00e1sicos integrados sobre anatomia, morfologia, macrosc\u00f3pica e funcional dos \u00f3rg\u00e3os e sistemas do corpo humano e seus mecanismos reguladores, descrevendo os aspectos morfofuncionais dos sistemas esquel\u00e9tico, articular, muscular, nervoso, circulat\u00f3rio, respirat\u00f3rio, digest\u00f3rio, urin\u00e1rio, reprodutor e end\u00f3crino. Citologia, Histologia e Gen\u00e9tica: Estrutura e fun\u00e7\u00e3o celular das organelas; biomembranas e diferencia\u00e7\u00e3o celular; composi\u00e7\u00e3o qu\u00edmica e fisiologia celular; divis\u00e3o celular. A Gen\u00e9tica Humana. Varia\u00e7\u00e3o fenot\u00edpica e an\u00e1lise de cari\u00f3tipos. Transmiss\u00e3o e manifesta\u00e7\u00e3o gen\u00e9tica. Introdu\u00e7\u00e3o \u00e0s t\u00e9cnicas histol\u00f3gicas e microsc\u00f3picas. Tecido Epitelial. Pele e anexos. Tecido conjuntivo. Tecido \u00f3sseo. Tecido cartilaginoso. Tecido nervoso. Tecido muscular. C\u00e9lulas do sangue. Sistema imunit\u00e1rio e \u00f3rg\u00e3os linf\u00f3ides. Fisiologia: Revis\u00e3o anat\u00f4mica da pele fisiologia. Meio interno. Equil\u00edbrio \u00e1cido-base. L\u00edquidos e eletr\u00f3litos (distribui\u00e7\u00e3o e movimento da \u00e1gua, edema, regula\u00e7\u00e3o do equil\u00edbrio eletrol\u00edtico, atividade tamp\u00e3o). Fisiologia dos sistemas Cardiocirculat\u00f3rios. Fisiologia do Sistema Linf\u00e1tico. Fisiologia do Sistema Respirat\u00f3rio. Fisiologia do Sistema \u00f3sseo. Fisiologia do Sistema Muscular. Fisiologia do Sistema Digest\u00f3rio. Fisiologia do Sistema Urin\u00e1rio.<\/span><\/p>\n<\/div>\n<\/div>\n<\/div>\n<\/div>\n<\/div>\n<\/td>\n<td style=\"width: 3.38573%; text-align: justify;\"><span style=\"color: #000000;\">60h<\/span><\/td>\n<\/tr>\n<tr>\n<th style=\"width: 8.10157%; text-align: justify;\"><span style=\"color: #000000;\">10<\/span><\/th>\n<td style=\"width: 88.3918%; text-align: justify;\">\n<div class=\"qodef-accordion-holder qodef-ac-default  qodef-toggle clearfix accordion ui-accordion ui-accordion-icons ui-widget ui-helper-reset\">\n<h4 class=\"qodef-accordion-title ui-accordion-header ui-corner-top ui-accordion-header-active ui-state-active ui-state-hover\"><span class=\"qodef-tab-title\" style=\"color: #000000;\">Est\u00e9tica e Cosmetologia<\/span><\/h4>\n<div class=\"qodef-accordion-content ui-accordion-content ui-helper-reset ui-widget-content ui-corner-bottom ui-accordion-content-active\" role=\"tabpanel\" aria-hidden=\"true\">\n<div class=\"qodef-accordion-content-inner\">\n<div class=\"wpb_text_column wpb_content_element\">\n<div class=\"wpb_wrapper\">\n<p><span style=\"color: #000000;\">Est\u00e9tica e Cosmetologia Facial: Estudo dos tratamentos faciais e dos anexos, no \u00e2mbito da est\u00e9tica e da cosmetologia. Procedimentos est\u00e9ticos, corretivos e preventivos utilizados na face. Fundamentos de equipamentos e produtos utilizados na Est\u00e9tica Facial; Est\u00e9tica e Cosmetologia Corporal: Fundamentos de embelezamento corporal. Estudo dos tratamentos corporais, no \u00e2mbito da est\u00e9tica e da cosmetologia. Procedimentos est\u00e9ticos, corretivos e preventivos utilizados no corpo. Fundamentos de equipamentos e produtos utilizados na Est\u00e9tica Corporal; Est\u00e9tica e Cosmetologia Capilar: No\u00e7\u00f5es de Terapia Capilar. Estudo dos tratamentos capilares, no \u00e2mbito da est\u00e9tica e da cosmetologia. Procedimentos est\u00e9ticos, corretivos e preventivos utilizados na assist\u00eancia capilar. Fundamentos de equipamentos e produtos utilizados na Est\u00e9tica Capilar.<\/span><\/p>\n<\/div>\n<\/div>\n<\/div>\n<\/div>\n<\/div>\n<\/td>\n<td style=\"width: 3.38573%; text-align: justify;\"><span style=\"color: #000000;\">60h<\/span><\/td>\n<\/tr>\n<tr>\n<th style=\"width: 8.10157%; text-align: justify;\"><span style=\"color: #000000;\">11<\/span><\/th>\n<td style=\"width: 88.3918%; text-align: justify;\">\n<div class=\"qodef-accordion-holder qodef-ac-default  qodef-toggle clearfix accordion ui-accordion ui-accordion-icons ui-widget ui-helper-reset\">\n<h4 class=\"qodef-accordion-title ui-accordion-header ui-corner-top ui-accordion-header-active ui-state-active ui-state-hover\"><span class=\"qodef-tab-title\" style=\"color: #000000;\">Procedimentos Pr\u00e9 e P\u00f3s-operat\u00f3rio<\/span><\/h4>\n<div class=\"qodef-accordion-content ui-accordion-content ui-helper-reset ui-widget-content ui-corner-bottom ui-accordion-content-active\" role=\"tabpanel\" aria-hidden=\"true\">\n<div class=\"qodef-accordion-content-inner\">\n<div class=\"wpb_text_column wpb_content_element\">\n<div class=\"wpb_wrapper\">\n<p><span style=\"color: #000000;\">Exerc\u00edcio profissional na equipe de cirurgia pl\u00e1stica. Abordagem, procedimentos e protocolos dos cuidados pr\u00e9 e p\u00f3s-operat\u00f3rio dos diversos tipos de cirurgia pl\u00e1stica est\u00e9tica e de cada procedimento.<\/span><\/p>\n<\/div>\n<\/div>\n<\/div>\n<\/div>\n<\/div>\n<\/td>\n<td style=\"width: 3.38573%; text-align: justify;\"><span style=\"color: #000000;\">60h<\/span><\/td>\n<\/tr>\n<tr>\n<th style=\"width: 8.10157%; text-align: justify;\"><span style=\"color: #000000;\">12<\/span><\/th>\n<td style=\"width: 88.3918%; text-align: justify;\">\n<div class=\"qodef-accordion-holder qodef-ac-default  qodef-toggle clearfix accordion ui-accordion ui-accordion-icons ui-widget ui-helper-reset\">\n<h4 class=\"qodef-accordion-title ui-accordion-header ui-corner-top ui-accordion-header-active ui-state-active ui-state-hover\"><span class=\"qodef-tab-title\" style=\"color: #000000;\">Tecnologia de Cosm\u00e9ticos<\/span><\/h4>\n<div class=\"qodef-accordion-content ui-accordion-content ui-helper-reset ui-widget-content ui-corner-bottom ui-accordion-content-active\" role=\"tabpanel\" aria-hidden=\"true\">\n<div class=\"qodef-accordion-content-inner\">\n<div class=\"wpb_text_column wpb_content_element\">\n<div class=\"wpb_wrapper\">\n<p><span style=\"color: #000000;\">Conceitos necess\u00e1rios para a formula\u00e7\u00e3o no \u00e2mbito da Cosmetologia. Fun\u00e7\u00f5es org\u00e2nicas e inorg\u00e2nicas e suas propriedades gerais. Compostos org\u00e2nicos e as propriedades f\u00edsicas e qu\u00edmicas (de import\u00e2ncia biol\u00f3gica) com suas estruturas qu\u00edmicas. As mat\u00e9rias-primas e as t\u00e9cnicas de obten\u00e7\u00e3o do cosm\u00e9tico, incluindo o desenvolvimento de novos produtos e novas formas de apresenta\u00e7\u00e3o, preparo e\/ou produ\u00e7\u00e3o, pesquisa de interferentes, estabilidade, acondicionamento e avalia\u00e7\u00e3o de efic\u00e1cia. Fornece conhecimentos da composi\u00e7\u00e3o dos diferentes produtos cosmec\u00eauticos faciais, corporais e perfumarias e suas aplica\u00e7\u00f5es. As mat\u00e9rias-primas e as t\u00e9cnicas de obten\u00e7\u00e3o do cosm\u00e9tico, incluindo o desenvolvimento de novos produtos e novas formas de apresenta\u00e7\u00e3o, preparo e\/ou produ\u00e7\u00e3o, pesquisa de interferentes, estabilidade, acondicionamento e avalia\u00e7\u00e3o de efic\u00e1cia. Padr\u00f5es de qualidade.<\/span><\/p>\n<\/div>\n<\/div>\n<\/div>\n<\/div>\n<\/div>\n<\/td>\n<td style=\"width: 3.38573%; text-align: justify;\"><span style=\"color: #000000;\">60h<\/span><\/td>\n<\/tr>\n<tr>\n<th style=\"width: 8.10157%; text-align: justify;\"><span style=\"color: #000000;\"><strong>TOTAL<\/strong><\/span><\/th>\n<td style=\"width: 91.7775%; text-align: justify;\" colspan=\"2\"><span style=\"color: #000000;\"><strong>720h<\/strong><\/span><\/td>\n<\/tr>\n<\/tbody>\n<\/table>\n<\/div>\n","protected":false},"excerpt":{"rendered":"<h2><\/h2>\n<a data-animate=\"blurIn\" href=\"http:\/\/cenedcursos.com.br\/posgraduacao\/?add-to-cart=13894\" target=\"_self\" class=\"button primary is-larger box-shadow-4 expand\"  >\n    <span>Fa\u00e7a Aqui sua Matr\u00edcula<\/span>\n  <i class=\"icon-shopping-bag\" ><\/i><\/a>\n\n","protected":false},"featured_media":13832,"template":"","meta":{"jetpack_post_was_ever_published":false,"jetpack_publicize_message":"","jetpack_publicize_feature_enabled":true,"jetpack_social_post_already_shared":true,"jetpack_social_options":{"image_generator_settings":{"template":"highway","enabled":false}}},"product_brand":[],"product_cat":[361],"product_tag":[362],"class_list":{"0":"post-13900","1":"product","2":"type-product","3":"status-publish","4":"has-post-thumbnail","6":"product_cat-estetica","7":"product_tag-biomedicina","9":"first","10":"instock","11":"sale","12":"shipping-taxable","13":"product-type-simple"},"jetpack_publicize_connections":[],"yoast_head":"<!-- This site is optimized with the Yoast SEO plugin v22.3 - https:\/\/yoast.com\/wordpress\/plugins\/seo\/ -->\n<title>Est\u00e9tica e Cosmetologia - P\u00f3s-Gradua\u00e7\u00e3o Reconhecida pelo MEC<\/title>\n<meta name=\"description\" content=\"A P\u00f3s-Gradua\u00e7\u00e3o em Est\u00e9tica e Cosmetologia capacita para compreender e dominar as aplica\u00e7\u00f5es dos tipos de cosm\u00e9ticos, tend\u00eancias do consumidor, mercados\" \/>\n<meta name=\"robots\" content=\"index, follow, max-snippet:-1, max-image-preview:large, max-video-preview:-1\" \/>\n<link rel=\"canonical\" href=\"https:\/\/cenedcursos.com.br\/posgraduacao\/produto\/estetica-e-cosmetologia\/\" \/>\n<meta property=\"og:locale\" content=\"pt_BR\" \/>\n<meta property=\"og:type\" content=\"article\" \/>\n<meta property=\"og:title\" content=\"Est\u00e9tica e Cosmetologia - P\u00f3s-Gradua\u00e7\u00e3o Reconhecida pelo MEC\" \/>\n<meta property=\"og:description\" content=\"A P\u00f3s-Gradua\u00e7\u00e3o em Est\u00e9tica e Cosmetologia capacita para compreender e dominar as aplica\u00e7\u00f5es dos tipos de cosm\u00e9ticos, tend\u00eancias do consumidor, mercados\" \/>\n<meta property=\"og:url\" content=\"https:\/\/cenedcursos.com.br\/posgraduacao\/produto\/estetica-e-cosmetologia\/\" \/>\n<meta property=\"og:site_name\" content=\"P\u00f3s-Gradua\u00e7\u00e3o \u00e0 Dist\u00e2ncia...Reconhecidos pelo MEC\" \/>\n<meta property=\"article:modified_time\" content=\"2022-10-06T18:45:33+00:00\" \/>\n<meta property=\"og:image\" content=\"https:\/\/cenedcursos.com.br\/posgraduacao\/wp-content\/uploads\/2020\/02\/p\u00f3s-gradua\u00e7\u00e3o-est\u00e9tica-e-cosmetologia.jpg\" \/>\n\t<meta property=\"og:image:width\" content=\"1280\" \/>\n\t<meta property=\"og:image:height\" content=\"719\" \/>\n\t<meta property=\"og:image:type\" content=\"image\/jpeg\" \/>\n<meta name=\"twitter:card\" content=\"summary_large_image\" \/>\n<meta name=\"twitter:title\" content=\"Est\u00e9tica e Cosmetologia - P\u00f3s-Gradua\u00e7\u00e3o Reconhecida pelo MEC\" \/>\n<meta name=\"twitter:description\" content=\"A P\u00f3s-Gradua\u00e7\u00e3o em Est\u00e9tica e Cosmetologia capacita para compreender e dominar as aplica\u00e7\u00f5es dos tipos de cosm\u00e9ticos, tend\u00eancias do consumidor, mercados\" \/>\n<meta name=\"twitter:image\" content=\"https:\/\/cenedcursos.com.br\/posgraduacao\/wp-content\/uploads\/2020\/02\/p\u00f3s-gradua\u00e7\u00e3o-est\u00e9tica-e-cosmetologia.jpg\" \/>\n<meta name=\"twitter:label1\" content=\"Est. tempo de leitura\" \/>\n\t<meta name=\"twitter:data1\" content=\"6 minutos\" \/>\n<script type=\"application\/ld+json\" class=\"yoast-schema-graph\">{\"@context\":\"https:\/\/schema.org\",\"@graph\":[{\"@type\":\"WebPage\",\"@id\":\"https:\/\/cenedcursos.com.br\/posgraduacao\/produto\/estetica-e-cosmetologia\/\",\"url\":\"https:\/\/cenedcursos.com.br\/posgraduacao\/produto\/estetica-e-cosmetologia\/\",\"name\":\"Est\u00e9tica e Cosmetologia - P\u00f3s-Gradua\u00e7\u00e3o Reconhecida pelo MEC\",\"isPartOf\":{\"@id\":\"https:\/\/cenedcursos.com.br\/posgraduacao\/#website\"},\"primaryImageOfPage\":{\"@id\":\"https:\/\/cenedcursos.com.br\/posgraduacao\/produto\/estetica-e-cosmetologia\/#primaryimage\"},\"image\":{\"@id\":\"https:\/\/cenedcursos.com.br\/posgraduacao\/produto\/estetica-e-cosmetologia\/#primaryimage\"},\"thumbnailUrl\":\"https:\/\/cenedcursos.com.br\/posgraduacao\/wp-content\/uploads\/2020\/02\/p\u00f3s-gradua\u00e7\u00e3o-est\u00e9tica-e-cosmetologia.jpg\",\"datePublished\":\"2020-02-02T20:57:47+00:00\",\"dateModified\":\"2022-10-06T18:45:33+00:00\",\"description\":\"A P\u00f3s-Gradua\u00e7\u00e3o em Est\u00e9tica e Cosmetologia capacita para compreender e dominar as aplica\u00e7\u00f5es dos tipos de cosm\u00e9ticos, tend\u00eancias do consumidor, mercados\",\"breadcrumb\":{\"@id\":\"https:\/\/cenedcursos.com.br\/posgraduacao\/produto\/estetica-e-cosmetologia\/#breadcrumb\"},\"inLanguage\":\"pt-BR\",\"potentialAction\":[{\"@type\":\"ReadAction\",\"target\":[\"https:\/\/cenedcursos.com.br\/posgraduacao\/produto\/estetica-e-cosmetologia\/\"]}]},{\"@type\":\"ImageObject\",\"inLanguage\":\"pt-BR\",\"@id\":\"https:\/\/cenedcursos.com.br\/posgraduacao\/produto\/estetica-e-cosmetologia\/#primaryimage\",\"url\":\"https:\/\/cenedcursos.com.br\/posgraduacao\/wp-content\/uploads\/2020\/02\/p\u00f3s-gradua\u00e7\u00e3o-est\u00e9tica-e-cosmetologia.jpg\",\"contentUrl\":\"https:\/\/cenedcursos.com.br\/posgraduacao\/wp-content\/uploads\/2020\/02\/p\u00f3s-gradua\u00e7\u00e3o-est\u00e9tica-e-cosmetologia.jpg\",\"width\":1280,\"height\":719,\"caption\":\"p\u00f3s-gradua\u00e7\u00e3o est\u00e9tica e cosmetologia\"},{\"@type\":\"BreadcrumbList\",\"@id\":\"https:\/\/cenedcursos.com.br\/posgraduacao\/produto\/estetica-e-cosmetologia\/#breadcrumb\",\"itemListElement\":[{\"@type\":\"ListItem\",\"position\":1,\"name\":\"Home\",\"item\":\"https:\/\/cenedcursos.com.br\/posgraduacao\/\"},{\"@type\":\"ListItem\",\"position\":2,\"name\":\"Cursos\",\"item\":\"https:\/\/cenedcursos.com.br\/posgraduacao\/todos-os-cursos\/\"},{\"@type\":\"ListItem\",\"position\":3,\"name\":\"Est\u00e9tica e Cosmetologia\"}]},{\"@type\":\"WebSite\",\"@id\":\"https:\/\/cenedcursos.com.br\/posgraduacao\/#website\",\"url\":\"https:\/\/cenedcursos.com.br\/posgraduacao\/\",\"name\":\"P\u00f3s-Gradua\u00e7\u00e3o \u00e0 Dist\u00e2ncia...Reconhecidos pelo MEC\",\"description\":\"Diversos Cursos de P\u00f3s-Gradua\u00e7\u00e3o a Dist\u00e2ncia Reconhecidos pelo MEC e certificados pela Universidade C\u00e2ndido Mendes (UCAM)\",\"potentialAction\":[{\"@type\":\"SearchAction\",\"target\":{\"@type\":\"EntryPoint\",\"urlTemplate\":\"https:\/\/cenedcursos.com.br\/posgraduacao\/?s={search_term_string}\"},\"query-input\":\"required name=search_term_string\"}],\"inLanguage\":\"pt-BR\"}]}<\/script>\n<!-- \/ Yoast SEO plugin. -->","yoast_head_json":{"title":"Est\u00e9tica e Cosmetologia - P\u00f3s-Gradua\u00e7\u00e3o Reconhecida pelo MEC","description":"A P\u00f3s-Gradua\u00e7\u00e3o em Est\u00e9tica e Cosmetologia capacita para compreender e dominar as aplica\u00e7\u00f5es dos tipos de cosm\u00e9ticos, tend\u00eancias do consumidor, mercados","robots":{"index":"index","follow":"follow","max-snippet":"max-snippet:-1","max-image-preview":"max-image-preview:large","max-video-preview":"max-video-preview:-1"},"canonical":"https:\/\/cenedcursos.com.br\/posgraduacao\/produto\/estetica-e-cosmetologia\/","og_locale":"pt_BR","og_type":"article","og_title":"Est\u00e9tica e Cosmetologia - P\u00f3s-Gradua\u00e7\u00e3o Reconhecida pelo MEC","og_description":"A P\u00f3s-Gradua\u00e7\u00e3o em Est\u00e9tica e Cosmetologia capacita para compreender e dominar as aplica\u00e7\u00f5es dos tipos de cosm\u00e9ticos, tend\u00eancias do consumidor, mercados","og_url":"https:\/\/cenedcursos.com.br\/posgraduacao\/produto\/estetica-e-cosmetologia\/","og_site_name":"P\u00f3s-Gradua\u00e7\u00e3o \u00e0 Dist\u00e2ncia...Reconhecidos pelo MEC","article_modified_time":"2022-10-06T18:45:33+00:00","og_image":[{"width":1280,"height":719,"url":"https:\/\/cenedcursos.com.br\/posgraduacao\/wp-content\/uploads\/2020\/02\/p\u00f3s-gradua\u00e7\u00e3o-est\u00e9tica-e-cosmetologia.jpg","type":"image\/jpeg"}],"twitter_card":"summary_large_image","twitter_title":"Est\u00e9tica e Cosmetologia - P\u00f3s-Gradua\u00e7\u00e3o Reconhecida pelo MEC","twitter_description":"A P\u00f3s-Gradua\u00e7\u00e3o em Est\u00e9tica e Cosmetologia capacita para compreender e dominar as aplica\u00e7\u00f5es dos tipos de cosm\u00e9ticos, tend\u00eancias do consumidor, mercados","twitter_image":"https:\/\/cenedcursos.com.br\/posgraduacao\/wp-content\/uploads\/2020\/02\/p\u00f3s-gradua\u00e7\u00e3o-est\u00e9tica-e-cosmetologia.jpg","twitter_misc":{"Est. tempo de leitura":"6 minutos"},"schema":{"@context":"https:\/\/schema.org","@graph":[{"@type":"WebPage","@id":"https:\/\/cenedcursos.com.br\/posgraduacao\/produto\/estetica-e-cosmetologia\/","url":"https:\/\/cenedcursos.com.br\/posgraduacao\/produto\/estetica-e-cosmetologia\/","name":"Est\u00e9tica e Cosmetologia - P\u00f3s-Gradua\u00e7\u00e3o Reconhecida pelo MEC","isPartOf":{"@id":"https:\/\/cenedcursos.com.br\/posgraduacao\/#website"},"primaryImageOfPage":{"@id":"https:\/\/cenedcursos.com.br\/posgraduacao\/produto\/estetica-e-cosmetologia\/#primaryimage"},"image":{"@id":"https:\/\/cenedcursos.com.br\/posgraduacao\/produto\/estetica-e-cosmetologia\/#primaryimage"},"thumbnailUrl":"https:\/\/cenedcursos.com.br\/posgraduacao\/wp-content\/uploads\/2020\/02\/p\u00f3s-gradua\u00e7\u00e3o-est\u00e9tica-e-cosmetologia.jpg","datePublished":"2020-02-02T20:57:47+00:00","dateModified":"2022-10-06T18:45:33+00:00","description":"A P\u00f3s-Gradua\u00e7\u00e3o em Est\u00e9tica e Cosmetologia capacita para compreender e dominar as aplica\u00e7\u00f5es dos tipos de cosm\u00e9ticos, tend\u00eancias do consumidor, mercados","breadcrumb":{"@id":"https:\/\/cenedcursos.com.br\/posgraduacao\/produto\/estetica-e-cosmetologia\/#breadcrumb"},"inLanguage":"pt-BR","potentialAction":[{"@type":"ReadAction","target":["https:\/\/cenedcursos.com.br\/posgraduacao\/produto\/estetica-e-cosmetologia\/"]}]},{"@type":"ImageObject","inLanguage":"pt-BR","@id":"https:\/\/cenedcursos.com.br\/posgraduacao\/produto\/estetica-e-cosmetologia\/#primaryimage","url":"https:\/\/cenedcursos.com.br\/posgraduacao\/wp-content\/uploads\/2020\/02\/p\u00f3s-gradua\u00e7\u00e3o-est\u00e9tica-e-cosmetologia.jpg","contentUrl":"https:\/\/cenedcursos.com.br\/posgraduacao\/wp-content\/uploads\/2020\/02\/p\u00f3s-gradua\u00e7\u00e3o-est\u00e9tica-e-cosmetologia.jpg","width":1280,"height":719,"caption":"p\u00f3s-gradua\u00e7\u00e3o est\u00e9tica e cosmetologia"},{"@type":"BreadcrumbList","@id":"https:\/\/cenedcursos.com.br\/posgraduacao\/produto\/estetica-e-cosmetologia\/#breadcrumb","itemListElement":[{"@type":"ListItem","position":1,"name":"Home","item":"https:\/\/cenedcursos.com.br\/posgraduacao\/"},{"@type":"ListItem","position":2,"name":"Cursos","item":"https:\/\/cenedcursos.com.br\/posgraduacao\/todos-os-cursos\/"},{"@type":"ListItem","position":3,"name":"Est\u00e9tica e Cosmetologia"}]},{"@type":"WebSite","@id":"https:\/\/cenedcursos.com.br\/posgraduacao\/#website","url":"https:\/\/cenedcursos.com.br\/posgraduacao\/","name":"P\u00f3s-Gradua\u00e7\u00e3o \u00e0 Dist\u00e2ncia...Reconhecidos pelo MEC","description":"Diversos Cursos de P\u00f3s-Gradua\u00e7\u00e3o a Dist\u00e2ncia Reconhecidos pelo MEC e certificados pela Universidade C\u00e2ndido Mendes (UCAM)","potentialAction":[{"@type":"SearchAction","target":{"@type":"EntryPoint","urlTemplate":"https:\/\/cenedcursos.com.br\/posgraduacao\/?s={search_term_string}"},"query-input":"required name=search_term_string"}],"inLanguage":"pt-BR"}]}},"jetpack_sharing_enabled":true,"_links":{"self":[{"href":"https:\/\/cenedcursos.com.br\/posgraduacao\/wp-json\/wp\/v2\/product\/13900","targetHints":{"allow":["GET"]}}],"collection":[{"href":"https:\/\/cenedcursos.com.br\/posgraduacao\/wp-json\/wp\/v2\/product"}],"about":[{"href":"https:\/\/cenedcursos.com.br\/posgraduacao\/wp-json\/wp\/v2\/types\/product"}],"wp:featuredmedia":[{"embeddable":true,"href":"https:\/\/cenedcursos.com.br\/posgraduacao\/wp-json\/wp\/v2\/media\/13832"}],"wp:attachment":[{"href":"https:\/\/cenedcursos.com.br\/posgraduacao\/wp-json\/wp\/v2\/media?parent=13900"}],"wp:term":[{"taxonomy":"product_brand","embeddable":true,"href":"https:\/\/cenedcursos.com.br\/posgraduacao\/wp-json\/wp\/v2\/product_brand?post=13900"},{"taxonomy":"product_cat","embeddable":true,"href":"https:\/\/cenedcursos.com.br\/posgraduacao\/wp-json\/wp\/v2\/product_cat?post=13900"},{"taxonomy":"product_tag","embeddable":true,"href":"https:\/\/cenedcursos.com.br\/posgraduacao\/wp-json\/wp\/v2\/product_tag?post=13900"}],"curies":[{"name":"wp","href":"https:\/\/api.w.org\/{rel}","templated":true}]}}