{"id":1744,"date":"2018-10-07T20:58:19","date_gmt":"2018-10-07T20:58:19","guid":{"rendered":"http:\/\/cenedcursos.com.br\/posgraduacao\/?post_type=product&#038;p=1744"},"modified":"2022-10-06T18:48:22","modified_gmt":"2022-10-06T18:48:22","slug":"instalacoes-eletricas-industriais","status":"publish","type":"product","link":"https:\/\/cenedcursos.com.br\/posgraduacao\/produto\/instalacoes-eletricas-industriais\/","title":{"rendered":"Engenharia El\u00e9trica com \u00canfase em Instala\u00e7\u00f5es El\u00e9tricas Industriais"},"content":{"rendered":"<p style=\"text-align: justify;\"><span style=\"font-size: 140%; color: #000000;\"><strong>P\u00f3s-Gradua\u00e7\u00e3o em Engenharia El\u00e9trica com \u00canfase em Instala\u00e7\u00f5es El\u00e9tricas Industriais<\/strong><\/span><\/p>\n<p style=\"text-align: justify;\"><span style=\"color: #000000;\">Atualmente, o modo de gerar eletricidade para v\u00e1rios segmentos da humanidade \u00e9 numeroso. Os m\u00e9todos de gera\u00e7\u00e3o de energia el\u00e9trica podem ser de t\u00e9rmica, hidrel\u00e9trica, nuclear, solar, e\u00f3lica ou de alguma outra forma. A energia gerada \u00e9 distribu\u00edda atrav\u00e9s de um sistema de distribui\u00e7\u00e3o el\u00e9trica. As empresas de energia el\u00e9trica ou os institutos governamentais de energia el\u00e9trica assumem a responsabilidade de levar a energia el\u00e9trica ao consumidor. Um consumidor pode ser uma grande ind\u00fastria manufatureira ou apenas o lar de uma pessoa. As instala\u00e7\u00f5es el\u00e9tricas s\u00e3o necess\u00e1rias para que o consumidor use a eletricidade para suas necessidades, como ilumina\u00e7\u00e3o, aquecimento e ar condicionado, executando todos os tipos de equipamentos el\u00e9tricos.<\/span><\/p>\n<h4 id=\"ui-id-3\" class=\"qodef-accordion-title ui-accordion-header ui-state-default ui-accordion-header-active ui-state-active ui-corner-top ui-state-hover\" style=\"text-align: justify;\" tabindex=\"0\" role=\"tab\" aria-controls=\"ui-id-4\" aria-selected=\"true\" aria-expanded=\"true\"><span class=\"qodef-tab-title\" style=\"color: #000000;\">Objetivo<\/span><\/h4>\n<div id=\"ui-id-4\" class=\"qodef-accordion-content ui-accordion-content ui-helper-reset ui-widget-content ui-corner-bottom ui-accordion-content-active\" style=\"text-align: justify;\" role=\"tabpanel\" aria-labelledby=\"ui-id-3\" aria-hidden=\"false\">\n<div class=\"qodef-accordion-content-inner\">\n<div class=\"wpb_text_column wpb_content_element \">\n<div class=\"wpb_wrapper\"><span style=\"color: #000000;\">Desenvolver os conhecimentos sobre tipos de distribui\u00e7\u00e3o de instala\u00e7\u00f5es el\u00e9tricas industriais, cargas el\u00e9tricas industriais, correntes de curto circuito em instala\u00e7\u00f5es de baixa tens\u00e3o, dispositivos de comando, prote\u00e7\u00e3o e automa\u00e7\u00e3o.<\/span><\/div>\n<\/div>\n<\/div>\n<\/div>\n<h4 id=\"ui-id-5\" class=\"qodef-accordion-title ui-accordion-header ui-state-default ui-corner-all ui-state-focus\" style=\"text-align: justify;\" tabindex=\"-1\" role=\"tab\" aria-controls=\"ui-id-6\" aria-selected=\"false\" aria-expanded=\"false\"><span class=\"qodef-tab-title\" style=\"color: #000000;\">P\u00fablico Alvo<\/span><\/h4>\n<p style=\"text-align: justify;\"><span style=\"color: #000000;\">O curso de p\u00f3s-gradua\u00e7\u00e3o em Engenharia El\u00e9trica com \u00canfase em Instala\u00e7\u00f5es El\u00e9tricas Industriais \u00e9 destinado aos portadores de diplomas de Engenharias e afins, como Engenharia Ambiental, Engenharia Florestal, Engenharia Civil, Engenharia de Produ\u00e7\u00e3o, Engenharia Mec\u00e2nica, Engenharia El\u00e9trica, Engenharia Automa\u00e7\u00e3o, Engenharia Qu\u00edmica e outras, bem como aos profissionais atuantes na \u00e1rea, como engenheiros, encarregados, projetistas, entre outros. O curso \u00e9 estendido aos profissionais das demais \u00e1reas que desejam adquirir conhecimento interdisciplinar no objeto do curso.<\/span><\/p>\n<table style=\"border-collapse: collapse; width: 100%; height: 1163px;\">\n<tbody>\n<tr style=\"height: 21px;\">\n<th style=\"width: 8.10157%; height: 21px;\"><span style=\"color: #000000;\">M\u00d3DULO<\/span><\/th>\n<th style=\"width: 88.3918%; height: 21px;\"><span style=\"color: #000000;\">DISCIPLINA<\/span><\/th>\n<th style=\"width: 3.38573%; height: 21px;\"><span style=\"color: #000000;\">CH<\/span><\/th>\n<\/tr>\n<tr style=\"height: 179px;\">\n<th style=\"width: 8.10157%; height: 179px;\"><span style=\"color: #000000;\">1<\/span><\/th>\n<td style=\"width: 88.3918%; height: 179px;\">\n<div class=\"qodef-accordion-holder qodef-ac-default qodef-toggle clearfix accordion ui-accordion ui-accordion-icons ui-widget ui-helper-reset\">\n<h4 class=\"qodef-accordion-title ui-accordion-header ui-corner-top ui-accordion-header-active ui-state-active ui-state-hover\"><span class=\"qodef-tab-title\" style=\"color: #000000;\">Doc\u00eancia no Ensino Superior<\/span><\/h4>\n<div class=\"qodef-accordion-content ui-accordion-content ui-helper-reset ui-widget-content ui-corner-bottom ui-accordion-content-active\" role=\"tabpanel\" aria-hidden=\"true\">\n<div class=\"qodef-accordion-content-inner\">\n<div class=\"wpb_text_column wpb_content_element\">\n<div class=\"wpb_wrapper\">\n<p style=\"text-align: justify;\"><span style=\"color: #000000;\">O Ensino Superior no Brasil. A Universidade na Sociedade. Legisla\u00e7\u00e3o da Educa\u00e7\u00e3o Superior. A Pr\u00e1tica Docente no Contexto da LDB (Lei n.\u00ba 9.394\/96). As Teorias Pedag\u00f3gicas. A Did\u00e1tica: Defini\u00e7\u00e3o e Import\u00e2ncia no Ensino Superior. Planejamento do Ensino. Elabora\u00e7\u00e3o de Planos de Ensino e Pr\u00e1tica Docente. Avalia\u00e7\u00e3o Educacional. Ambiente Virtual de Aprendizagem e Tecnologias para o Ensino. Intera\u00e7\u00f5es em Sala de Aula EAD e Presencial: O Papel dos Professores e dos Alunos.<\/span><\/p>\n<\/div>\n<\/div>\n<\/div>\n<\/div>\n<\/div>\n<\/td>\n<td style=\"width: 3.38573%; height: 179px;\"><span style=\"color: #000000;\">60h<\/span><\/td>\n<\/tr>\n<tr style=\"height: 151px;\">\n<th style=\"width: 8.10157%; height: 151px;\"><span style=\"color: #000000;\">2<\/span><\/th>\n<td style=\"width: 88.3918%; height: 151px;\">\n<div class=\"qodef-accordion-holder qodef-ac-default qodef-toggle clearfix accordion ui-accordion ui-accordion-icons ui-widget ui-helper-reset\">\n<h4 class=\"qodef-accordion-title ui-accordion-header ui-corner-top ui-accordion-header-active ui-state-active ui-state-hover\"><span class=\"qodef-tab-title\" style=\"color: #000000;\">Metodologia do Trabalho Cient\u00edfico<\/span><\/h4>\n<div class=\"qodef-accordion-content ui-accordion-content ui-helper-reset ui-widget-content ui-corner-bottom ui-accordion-content-active\" role=\"tabpanel\" aria-hidden=\"true\">\n<div class=\"qodef-accordion-content-inner\">\n<div class=\"wpb_text_column wpb_content_element\">\n<div class=\"wpb_wrapper\">\n<p style=\"text-align: justify;\"><span style=\"color: #000000;\">Conceitos de Ci\u00eancia; M\u00e9todo Cient\u00edfico; Hip\u00f3teses; Vari\u00e1veis; Probabilidade; Validade; Fidedignidade; Amostragem; Delineamentos De Pesquisa; Metodologia Qualitativa e Quantitativa; Aplica\u00e7\u00e3o de Question\u00e1rio em Pesquisas; Caracteriza\u00e7\u00e3o da Linguagem Cient\u00edfica e do Sistema de Produ\u00e7\u00e3o Cient\u00edfico; Elabora\u00e7\u00e3o de Pesquisa Acad\u00eamico-Cient\u00edfica; \u00c9tica na Pesquisa; T\u00e9cnicas de Apresenta\u00e7\u00e3o. Resumo Cient\u00edfico; Artigo Cient\u00edfico; Ficha Catalogr\u00e1fica, Pr\u00e9 Projeto de Pesquisa, Resenha, Relat\u00f3rios de Pesquisa, Fichamento.<\/span><\/p>\n<\/div>\n<\/div>\n<\/div>\n<\/div>\n<\/div>\n<\/td>\n<td style=\"width: 3.38573%; height: 151px;\"><span style=\"color: #000000;\">80h<\/span><\/td>\n<\/tr>\n<tr style=\"height: 99px;\">\n<th style=\"width: 8.10157%; height: 99px;\"><span style=\"color: #000000;\">3<\/span><\/th>\n<td style=\"width: 88.3918%; height: 99px;\">\n<div class=\"qodef-accordion-holder qodef-ac-default qodef-toggle clearfix accordion ui-accordion ui-accordion-icons ui-widget ui-helper-reset\">\n<h4 class=\"qodef-accordion-title ui-accordion-header ui-corner-top ui-accordion-header-active ui-state-active ui-state-hover\"><span class=\"qodef-tab-title\" style=\"color: #000000;\">Instala\u00e7\u00f5es El\u00e9tricas Industriais<\/span><\/h4>\n<div class=\"qodef-accordion-content ui-accordion-content ui-helper-reset ui-widget-content ui-corner-bottom ui-accordion-content-active\" role=\"tabpanel\" aria-hidden=\"true\">\n<div class=\"qodef-accordion-content-inner\">\n<div class=\"wpb_text_column wpb_content_element\">\n<div class=\"wpb_wrapper\">\n<p style=\"text-align: justify;\"><span style=\"color: #000000;\">Projeto El\u00e9trico em Instala\u00e7\u00f5es Industriais; Ilumina\u00e7\u00e3o Industrial ; Os Condutores El\u00e9tricos; Fornos El\u00e9tricos; Sistema de Prote\u00e7\u00e3o e de Aterramento.<\/span><\/p>\n<\/div>\n<\/div>\n<\/div>\n<\/div>\n<\/div>\n<\/td>\n<td style=\"width: 3.38573%; height: 99px;\"><span style=\"color: #000000;\">60h<\/span><\/td>\n<\/tr>\n<tr style=\"height: 138px;\">\n<th style=\"width: 8.10157%; height: 138px;\"><span style=\"color: #000000;\">4<\/span><\/th>\n<td style=\"width: 88.3918%; height: 138px;\">\n<div class=\"qodef-accordion-holder qodef-ac-default qodef-toggle clearfix accordion ui-accordion ui-accordion-icons ui-widget ui-helper-reset\">\n<h4 class=\"qodef-accordion-title ui-accordion-header ui-corner-top ui-accordion-header-active ui-state-active ui-state-hover\"><span class=\"qodef-tab-title\" style=\"color: #000000;\">Projeto El\u00e9trico e Ilumina\u00e7\u00e3o Industrial<\/span><\/h4>\n<div class=\"qodef-accordion-content ui-accordion-content ui-helper-reset ui-widget-content ui-corner-bottom ui-accordion-content-active\" role=\"tabpanel\" aria-hidden=\"true\">\n<div class=\"qodef-accordion-content-inner\">\n<div class=\"wpb_text_column wpb_content_element\">\n<div class=\"wpb_wrapper\">\n<p style=\"text-align: justify;\"><span style=\"color: #000000;\">Projeto El\u00e9trico em Instala\u00e7\u00f5es Industriais; Classifica\u00e7\u00e3o e Tarifa\u00e7\u00e3o de Energia El\u00e9trica; Ilumina\u00e7\u00e3o Industrial (L\u00e2mpadas e lumin\u00e1rias; Ilumina\u00e7\u00e3o de interiores; Ilumina\u00e7\u00e3o de exteriores; Ilumina\u00e7\u00e3o de emerg\u00eancia; Dispositivos de controle).<\/span><\/p>\n<\/div>\n<\/div>\n<\/div>\n<\/div>\n<\/div>\n<\/td>\n<td style=\"width: 3.38573%; height: 138px;\"><span style=\"color: #000000;\">60h<\/span><\/td>\n<\/tr>\n<tr style=\"height: 158px;\">\n<th style=\"width: 8.10157%; height: 158px;\"><span style=\"color: #000000;\">5<\/span><\/th>\n<td style=\"width: 88.3918%; height: 158px;\">\n<div class=\"qodef-accordion-holder qodef-ac-default qodef-toggle clearfix accordion ui-accordion ui-accordion-icons ui-widget ui-helper-reset\">\n<h4 class=\"qodef-accordion-title ui-accordion-header ui-corner-top ui-accordion-header-active ui-state-active ui-state-hover\"><span class=\"qodef-tab-title\" style=\"color: #000000;\">Prote\u00e7\u00e3o e Aterramento<\/span><\/h4>\n<div class=\"qodef-accordion-content ui-accordion-content ui-helper-reset ui-widget-content ui-corner-bottom ui-accordion-content-active\" role=\"tabpanel\" aria-hidden=\"true\">\n<div class=\"qodef-accordion-content-inner\">\n<div class=\"wpb_text_column wpb_content_element\">\n<div class=\"wpb_wrapper\">\n<p style=\"text-align: justify;\"><span style=\"color: #000000;\">Sistema de Prote\u00e7\u00e3o (Situa\u00e7\u00f5es de opera\u00e7\u00e3o de um sistema; A import\u00e2ncia de um projeto bem elaborado; Prote\u00e7\u00e3o de sistemas de baixa tens\u00e3o e motores el\u00e9tricos; Dimensionamento dos dispositivos de prote\u00e7\u00e3o; Fus\u00edveis, disjuntores e rel\u00e9s; Prote\u00e7\u00e3o de sistemas prim\u00e1rios); Sistemas de Aterramento (No\u00e7\u00f5es b\u00e1sicas sobre prote\u00e7\u00e3o do sistema; Sistema de aterramento; Prote\u00e7\u00e3o contra descargas atmosf\u00e9ricas; Prote\u00e7\u00e3o contra riscos de inc\u00eandio e explos\u00e3o).<\/span><\/p>\n<\/div>\n<\/div>\n<\/div>\n<\/div>\n<\/div>\n<\/td>\n<td style=\"width: 3.38573%; height: 158px;\"><span style=\"color: #000000;\">60h<\/span><\/td>\n<\/tr>\n<tr style=\"height: 187px;\">\n<th style=\"width: 8.10157%; height: 187px;\"><span style=\"color: #000000;\">6<\/span><\/th>\n<td style=\"width: 88.3918%; height: 187px;\">\n<div class=\"qodef-accordion-holder qodef-ac-default qodef-toggle clearfix accordion ui-accordion ui-accordion-icons ui-widget ui-helper-reset\">\n<h4 class=\"qodef-accordion-title ui-accordion-header ui-corner-top ui-accordion-header-active ui-state-active ui-state-hover\"><span class=\"qodef-tab-title\" style=\"color: #000000;\">Mercados de Energia e Efici\u00eancia Energ\u00e9tica<\/span><\/h4>\n<div class=\"qodef-accordion-content ui-accordion-content ui-helper-reset ui-widget-content ui-corner-bottom ui-accordion-content-active\" role=\"tabpanel\" aria-hidden=\"true\">\n<div class=\"qodef-accordion-content-inner\">\n<div class=\"wpb_text_column wpb_content_element\">\n<div class=\"wpb_wrapper\">\n<p style=\"text-align: justify;\"><span style=\"color: #000000;\">Desafios do Desenvolvimento Sustent\u00e1vel (Os recursos h\u00eddricos e a gest\u00e3o das \u00e1guas; Energia e desenvolvimento sustent\u00e1vel) breves reflex\u00f5es; Meio ambiente e sustentabilidade; Sistema de Gest\u00e3o Ambiental; Impactos do setor energ\u00e9tico no meio ambiente); Mercados de Energia El\u00e9trica (Contratos de concess\u00e3o e permiss\u00e3o; Distribui\u00e7\u00e3o de energia; Matriz de energia el\u00e9trica brasileira; Servi\u00e7os ancilares; Bandeiras tarif\u00e1rias; Tarifa\u00e7\u00e3o do consumidor final); A Efici\u00eancia Energ\u00e9tica (C\u00e1lculo econ\u00f4mico para efici\u00eancia operacional; A\u00e7\u00f5es de efici\u00eancia energ\u00e9tica).<\/span><\/p>\n<\/div>\n<\/div>\n<\/div>\n<\/div>\n<\/div>\n<\/td>\n<td style=\"width: 3.38573%; height: 187px;\"><span style=\"color: #000000;\">60h<\/span><\/td>\n<\/tr>\n<tr style=\"height: 97px;\">\n<th style=\"width: 8.10157%; height: 97px;\"><span style=\"color: #000000;\">7<\/span><\/th>\n<td style=\"width: 88.3918%; height: 97px;\">\n<div class=\"qodef-accordion-holder qodef-ac-default qodef-toggle clearfix accordion ui-accordion ui-accordion-icons ui-widget ui-helper-reset\">\n<h4 class=\"qodef-accordion-title ui-accordion-header ui-corner-top ui-accordion-header-active ui-state-active ui-state-hover\"><span class=\"qodef-tab-title\" style=\"color: #000000;\">Condutores e Fornos El\u00e9tricos<\/span><\/h4>\n<div class=\"qodef-accordion-content ui-accordion-content ui-helper-reset ui-widget-content ui-corner-bottom ui-accordion-content-active\" role=\"tabpanel\" aria-hidden=\"true\">\n<div class=\"qodef-accordion-content-inner\">\n<div class=\"wpb_text_column wpb_content_element\">\n<div class=\"wpb_wrapper\">\n<p style=\"text-align: justify;\"><span style=\"color: #000000;\">Os Condutores El\u00e9tricos; O que S\u00e3o e para que Servem; Dimensionamento de Condutores El\u00e9tricos; Sele\u00e7\u00e3o de Dutos; Fornos El\u00e9tricos.<\/span><\/p>\n<\/div>\n<\/div>\n<\/div>\n<\/div>\n<\/div>\n<\/td>\n<td style=\"width: 3.38573%; height: 97px;\"><span style=\"color: #000000;\">60h<\/span><\/td>\n<\/tr>\n<tr style=\"height: 112px;\">\n<th style=\"width: 8.10157%; height: 112px;\"><span style=\"color: #000000;\">8<\/span><\/th>\n<td style=\"width: 88.3918%; height: 112px;\">\n<div class=\"qodef-accordion-holder qodef-ac-default qodef-toggle clearfix accordion ui-accordion ui-accordion-icons ui-widget ui-helper-reset\">\n<h4 class=\"qodef-accordion-title ui-accordion-header ui-corner-top ui-accordion-header-active ui-state-active ui-state-hover\"><span class=\"qodef-tab-title\" style=\"color: #000000;\">Gest\u00e3o da Seguran\u00e7a Aplicada \u00e0 Engenharia El\u00e9trica<\/span><\/h4>\n<div class=\"qodef-accordion-content ui-accordion-content ui-helper-reset ui-widget-content ui-corner-bottom ui-accordion-content-active\" role=\"tabpanel\" aria-hidden=\"true\">\n<div class=\"qodef-accordion-content-inner\">\n<div class=\"wpb_text_column wpb_content_element\">\n<div class=\"wpb_wrapper\">\n<p style=\"text-align: justify;\"><span style=\"color: #000000;\">Seguran\u00e7a do Trabalho; Programas e Equipamentos de Seguran\u00e7a; Legisla\u00e7\u00e3o, Inspe\u00e7\u00e3o e Fiscaliza\u00e7\u00e3o; Norma Regulamentadora Nr-10; Preven\u00e7\u00e3o \u00a0e \u00a0Controle \u00a0em \u00a0M\u00e1quinas, \u00a0Equipamentos \u00a0e Instala\u00e7\u00f5es El\u00e9tricas.<\/span><\/p>\n<\/div>\n<\/div>\n<\/div>\n<\/div>\n<\/div>\n<\/td>\n<td style=\"width: 3.38573%; height: 112px;\"><span style=\"color: #000000;\">60h<\/span><\/td>\n<\/tr>\n<tr style=\"height: 21px;\">\n<th style=\"width: 8.10157%; height: 21px;\"><span style=\"color: #000000;\"><strong>TOTAL<\/strong><\/span><\/th>\n<td style=\"width: 91.7775%; height: 21px;\" colspan=\"2\"><span style=\"color: #000000;\"><strong>500h<\/strong><\/span><\/td>\n<\/tr>\n<\/tbody>\n<\/table>\n","protected":false},"excerpt":{"rendered":"<h2><\/h2>\n<a data-animate=\"blurIn\" href=\"http:\/\/cenedcursos.com.br\/posgraduacao\/?add-to-cart=1747\" target=\"_self\" class=\"button primary is-larger box-shadow-4 expand\"  >\n    <span>Fa\u00e7a Aqui sua Matr\u00edcula<\/span>\n  <i class=\"icon-shopping-bag\" ><\/i><\/a>\n\n","protected":false},"featured_media":1746,"template":"","meta":{"jetpack_post_was_ever_published":false,"jetpack_publicize_message":"","jetpack_publicize_feature_enabled":true,"jetpack_social_post_already_shared":true,"jetpack_social_options":{"image_generator_settings":{"template":"highway","enabled":false}}},"product_brand":[],"product_cat":[105],"product_tag":[176,228],"class_list":{"0":"post-1744","1":"product","2":"type-product","3":"status-publish","4":"has-post-thumbnail","6":"product_cat-engenharia","7":"product_tag-engenharia-eletrica","8":"product_tag-instalacoes-eletricas-industriais","10":"first","11":"instock","12":"sale","13":"featured","14":"shipping-taxable","15":"product-type-simple"},"jetpack_publicize_connections":[],"yoast_head":"<!-- This site is optimized with the Yoast SEO plugin v22.3 - https:\/\/yoast.com\/wordpress\/plugins\/seo\/ -->\n<title>P\u00f3s Engenharia El\u00e9trica com \u00canfase em Instala\u00e7\u00f5es El\u00e9tricas Industriais<\/title>\n<meta name=\"description\" content=\"A Especializa\u00e7\u00e3o Engenharia El\u00e9trica com \u00canfase em Instala\u00e7\u00f5es El\u00e9tricas Industriais aborda Projeto El\u00e9trico e Ilumina\u00e7\u00e3o Industrial; Prote\u00e7\u00e3o e Aterramento\" \/>\n<meta name=\"robots\" content=\"index, follow, max-snippet:-1, max-image-preview:large, max-video-preview:-1\" \/>\n<link rel=\"canonical\" href=\"https:\/\/cenedcursos.com.br\/posgraduacao\/produto\/instalacoes-eletricas-industriais\/\" \/>\n<meta property=\"og:locale\" content=\"pt_BR\" \/>\n<meta property=\"og:type\" content=\"article\" \/>\n<meta property=\"og:title\" content=\"P\u00f3s Engenharia El\u00e9trica com \u00canfase em Instala\u00e7\u00f5es El\u00e9tricas Industriais\" \/>\n<meta property=\"og:description\" content=\"A Especializa\u00e7\u00e3o Engenharia El\u00e9trica com \u00canfase em Instala\u00e7\u00f5es El\u00e9tricas Industriais aborda Projeto El\u00e9trico e Ilumina\u00e7\u00e3o Industrial; Prote\u00e7\u00e3o e Aterramento\" \/>\n<meta property=\"og:url\" content=\"https:\/\/cenedcursos.com.br\/posgraduacao\/produto\/instalacoes-eletricas-industriais\/\" \/>\n<meta property=\"og:site_name\" content=\"P\u00f3s-Gradua\u00e7\u00e3o \u00e0 Dist\u00e2ncia...Reconhecidos pelo MEC\" \/>\n<meta property=\"article:modified_time\" content=\"2022-10-06T18:48:22+00:00\" \/>\n<meta property=\"og:image\" content=\"https:\/\/cenedcursos.com.br\/posgraduacao\/wp-content\/uploads\/2018\/10\/Instala\u00e7\u00f5es-El\u00e9tricas-Industriais.jpg\" \/>\n\t<meta property=\"og:image:width\" content=\"1024\" \/>\n\t<meta property=\"og:image:height\" content=\"678\" \/>\n\t<meta property=\"og:image:type\" content=\"image\/jpeg\" \/>\n<meta name=\"twitter:card\" content=\"summary_large_image\" \/>\n<meta name=\"twitter:title\" content=\"P\u00f3s Engenharia El\u00e9trica com \u00canfase em Instala\u00e7\u00f5es El\u00e9tricas Industriais\" \/>\n<meta name=\"twitter:description\" content=\"A Especializa\u00e7\u00e3o Engenharia El\u00e9trica com \u00canfase em Instala\u00e7\u00f5es El\u00e9tricas Industriais aborda Projeto El\u00e9trico e Ilumina\u00e7\u00e3o Industrial; Prote\u00e7\u00e3o e Aterramento\" \/>\n<meta name=\"twitter:image\" content=\"http:\/\/cenedcursos.com.br\/posgraduacao\/wp-content\/uploads\/2018\/10\/Instala\u00e7\u00f5es-El\u00e9tricas-Industriais.jpg\" \/>\n<meta name=\"twitter:label1\" content=\"Est. tempo de leitura\" \/>\n\t<meta name=\"twitter:data1\" content=\"3 minutos\" \/>\n<script type=\"application\/ld+json\" class=\"yoast-schema-graph\">{\"@context\":\"https:\/\/schema.org\",\"@graph\":[{\"@type\":\"WebPage\",\"@id\":\"https:\/\/cenedcursos.com.br\/posgraduacao\/produto\/instalacoes-eletricas-industriais\/\",\"url\":\"https:\/\/cenedcursos.com.br\/posgraduacao\/produto\/instalacoes-eletricas-industriais\/\",\"name\":\"P\u00f3s Engenharia El\u00e9trica com \u00canfase em Instala\u00e7\u00f5es El\u00e9tricas Industriais\",\"isPartOf\":{\"@id\":\"https:\/\/cenedcursos.com.br\/posgraduacao\/#website\"},\"primaryImageOfPage\":{\"@id\":\"https:\/\/cenedcursos.com.br\/posgraduacao\/produto\/instalacoes-eletricas-industriais\/#primaryimage\"},\"image\":{\"@id\":\"https:\/\/cenedcursos.com.br\/posgraduacao\/produto\/instalacoes-eletricas-industriais\/#primaryimage\"},\"thumbnailUrl\":\"https:\/\/cenedcursos.com.br\/posgraduacao\/wp-content\/uploads\/2018\/10\/Instala\u00e7\u00f5es-El\u00e9tricas-Industriais.jpg\",\"datePublished\":\"2018-10-07T20:58:19+00:00\",\"dateModified\":\"2022-10-06T18:48:22+00:00\",\"description\":\"A Especializa\u00e7\u00e3o Engenharia El\u00e9trica com \u00canfase em Instala\u00e7\u00f5es El\u00e9tricas Industriais aborda Projeto El\u00e9trico e Ilumina\u00e7\u00e3o Industrial; Prote\u00e7\u00e3o e Aterramento\",\"breadcrumb\":{\"@id\":\"https:\/\/cenedcursos.com.br\/posgraduacao\/produto\/instalacoes-eletricas-industriais\/#breadcrumb\"},\"inLanguage\":\"pt-BR\",\"potentialAction\":[{\"@type\":\"ReadAction\",\"target\":[\"https:\/\/cenedcursos.com.br\/posgraduacao\/produto\/instalacoes-eletricas-industriais\/\"]}]},{\"@type\":\"ImageObject\",\"inLanguage\":\"pt-BR\",\"@id\":\"https:\/\/cenedcursos.com.br\/posgraduacao\/produto\/instalacoes-eletricas-industriais\/#primaryimage\",\"url\":\"https:\/\/cenedcursos.com.br\/posgraduacao\/wp-content\/uploads\/2018\/10\/Instala\u00e7\u00f5es-El\u00e9tricas-Industriais.jpg\",\"contentUrl\":\"https:\/\/cenedcursos.com.br\/posgraduacao\/wp-content\/uploads\/2018\/10\/Instala\u00e7\u00f5es-El\u00e9tricas-Industriais.jpg\",\"width\":1024,\"height\":678,\"caption\":\"Instala\u00e7\u00f5es El\u00e9tricas Industriais\"},{\"@type\":\"BreadcrumbList\",\"@id\":\"https:\/\/cenedcursos.com.br\/posgraduacao\/produto\/instalacoes-eletricas-industriais\/#breadcrumb\",\"itemListElement\":[{\"@type\":\"ListItem\",\"position\":1,\"name\":\"Home\",\"item\":\"https:\/\/cenedcursos.com.br\/posgraduacao\/\"},{\"@type\":\"ListItem\",\"position\":2,\"name\":\"Cursos\",\"item\":\"https:\/\/cenedcursos.com.br\/posgraduacao\/todos-os-cursos\/\"},{\"@type\":\"ListItem\",\"position\":3,\"name\":\"Engenharia El\u00e9trica com \u00canfase em Instala\u00e7\u00f5es El\u00e9tricas Industriais\"}]},{\"@type\":\"WebSite\",\"@id\":\"https:\/\/cenedcursos.com.br\/posgraduacao\/#website\",\"url\":\"https:\/\/cenedcursos.com.br\/posgraduacao\/\",\"name\":\"P\u00f3s-Gradua\u00e7\u00e3o \u00e0 Dist\u00e2ncia...Reconhecidos pelo MEC\",\"description\":\"Diversos Cursos de P\u00f3s-Gradua\u00e7\u00e3o a Dist\u00e2ncia Reconhecidos pelo MEC e certificados pela Universidade C\u00e2ndido Mendes (UCAM)\",\"potentialAction\":[{\"@type\":\"SearchAction\",\"target\":{\"@type\":\"EntryPoint\",\"urlTemplate\":\"https:\/\/cenedcursos.com.br\/posgraduacao\/?s={search_term_string}\"},\"query-input\":\"required name=search_term_string\"}],\"inLanguage\":\"pt-BR\"}]}<\/script>\n<!-- \/ Yoast SEO plugin. -->","yoast_head_json":{"title":"P\u00f3s Engenharia El\u00e9trica com \u00canfase em Instala\u00e7\u00f5es El\u00e9tricas Industriais","description":"A Especializa\u00e7\u00e3o Engenharia El\u00e9trica com \u00canfase em Instala\u00e7\u00f5es El\u00e9tricas Industriais aborda Projeto El\u00e9trico e Ilumina\u00e7\u00e3o Industrial; Prote\u00e7\u00e3o e Aterramento","robots":{"index":"index","follow":"follow","max-snippet":"max-snippet:-1","max-image-preview":"max-image-preview:large","max-video-preview":"max-video-preview:-1"},"canonical":"https:\/\/cenedcursos.com.br\/posgraduacao\/produto\/instalacoes-eletricas-industriais\/","og_locale":"pt_BR","og_type":"article","og_title":"P\u00f3s Engenharia El\u00e9trica com \u00canfase em Instala\u00e7\u00f5es El\u00e9tricas Industriais","og_description":"A Especializa\u00e7\u00e3o Engenharia El\u00e9trica com \u00canfase em Instala\u00e7\u00f5es El\u00e9tricas Industriais aborda Projeto El\u00e9trico e Ilumina\u00e7\u00e3o Industrial; Prote\u00e7\u00e3o e Aterramento","og_url":"https:\/\/cenedcursos.com.br\/posgraduacao\/produto\/instalacoes-eletricas-industriais\/","og_site_name":"P\u00f3s-Gradua\u00e7\u00e3o \u00e0 Dist\u00e2ncia...Reconhecidos pelo MEC","article_modified_time":"2022-10-06T18:48:22+00:00","og_image":[{"width":1024,"height":678,"url":"https:\/\/cenedcursos.com.br\/posgraduacao\/wp-content\/uploads\/2018\/10\/Instala\u00e7\u00f5es-El\u00e9tricas-Industriais.jpg","type":"image\/jpeg"}],"twitter_card":"summary_large_image","twitter_title":"P\u00f3s Engenharia El\u00e9trica com \u00canfase em Instala\u00e7\u00f5es El\u00e9tricas Industriais","twitter_description":"A Especializa\u00e7\u00e3o Engenharia El\u00e9trica com \u00canfase em Instala\u00e7\u00f5es El\u00e9tricas Industriais aborda Projeto El\u00e9trico e Ilumina\u00e7\u00e3o Industrial; Prote\u00e7\u00e3o e Aterramento","twitter_image":"http:\/\/cenedcursos.com.br\/posgraduacao\/wp-content\/uploads\/2018\/10\/Instala\u00e7\u00f5es-El\u00e9tricas-Industriais.jpg","twitter_misc":{"Est. tempo de leitura":"3 minutos"},"schema":{"@context":"https:\/\/schema.org","@graph":[{"@type":"WebPage","@id":"https:\/\/cenedcursos.com.br\/posgraduacao\/produto\/instalacoes-eletricas-industriais\/","url":"https:\/\/cenedcursos.com.br\/posgraduacao\/produto\/instalacoes-eletricas-industriais\/","name":"P\u00f3s Engenharia El\u00e9trica com \u00canfase em Instala\u00e7\u00f5es El\u00e9tricas Industriais","isPartOf":{"@id":"https:\/\/cenedcursos.com.br\/posgraduacao\/#website"},"primaryImageOfPage":{"@id":"https:\/\/cenedcursos.com.br\/posgraduacao\/produto\/instalacoes-eletricas-industriais\/#primaryimage"},"image":{"@id":"https:\/\/cenedcursos.com.br\/posgraduacao\/produto\/instalacoes-eletricas-industriais\/#primaryimage"},"thumbnailUrl":"https:\/\/cenedcursos.com.br\/posgraduacao\/wp-content\/uploads\/2018\/10\/Instala\u00e7\u00f5es-El\u00e9tricas-Industriais.jpg","datePublished":"2018-10-07T20:58:19+00:00","dateModified":"2022-10-06T18:48:22+00:00","description":"A Especializa\u00e7\u00e3o Engenharia El\u00e9trica com \u00canfase em Instala\u00e7\u00f5es El\u00e9tricas Industriais aborda Projeto El\u00e9trico e Ilumina\u00e7\u00e3o Industrial; Prote\u00e7\u00e3o e Aterramento","breadcrumb":{"@id":"https:\/\/cenedcursos.com.br\/posgraduacao\/produto\/instalacoes-eletricas-industriais\/#breadcrumb"},"inLanguage":"pt-BR","potentialAction":[{"@type":"ReadAction","target":["https:\/\/cenedcursos.com.br\/posgraduacao\/produto\/instalacoes-eletricas-industriais\/"]}]},{"@type":"ImageObject","inLanguage":"pt-BR","@id":"https:\/\/cenedcursos.com.br\/posgraduacao\/produto\/instalacoes-eletricas-industriais\/#primaryimage","url":"https:\/\/cenedcursos.com.br\/posgraduacao\/wp-content\/uploads\/2018\/10\/Instala\u00e7\u00f5es-El\u00e9tricas-Industriais.jpg","contentUrl":"https:\/\/cenedcursos.com.br\/posgraduacao\/wp-content\/uploads\/2018\/10\/Instala\u00e7\u00f5es-El\u00e9tricas-Industriais.jpg","width":1024,"height":678,"caption":"Instala\u00e7\u00f5es El\u00e9tricas Industriais"},{"@type":"BreadcrumbList","@id":"https:\/\/cenedcursos.com.br\/posgraduacao\/produto\/instalacoes-eletricas-industriais\/#breadcrumb","itemListElement":[{"@type":"ListItem","position":1,"name":"Home","item":"https:\/\/cenedcursos.com.br\/posgraduacao\/"},{"@type":"ListItem","position":2,"name":"Cursos","item":"https:\/\/cenedcursos.com.br\/posgraduacao\/todos-os-cursos\/"},{"@type":"ListItem","position":3,"name":"Engenharia El\u00e9trica com \u00canfase em Instala\u00e7\u00f5es El\u00e9tricas Industriais"}]},{"@type":"WebSite","@id":"https:\/\/cenedcursos.com.br\/posgraduacao\/#website","url":"https:\/\/cenedcursos.com.br\/posgraduacao\/","name":"P\u00f3s-Gradua\u00e7\u00e3o \u00e0 Dist\u00e2ncia...Reconhecidos pelo MEC","description":"Diversos Cursos de P\u00f3s-Gradua\u00e7\u00e3o a Dist\u00e2ncia Reconhecidos pelo MEC e certificados pela Universidade C\u00e2ndido Mendes (UCAM)","potentialAction":[{"@type":"SearchAction","target":{"@type":"EntryPoint","urlTemplate":"https:\/\/cenedcursos.com.br\/posgraduacao\/?s={search_term_string}"},"query-input":"required name=search_term_string"}],"inLanguage":"pt-BR"}]}},"jetpack_sharing_enabled":true,"_links":{"self":[{"href":"https:\/\/cenedcursos.com.br\/posgraduacao\/wp-json\/wp\/v2\/product\/1744","targetHints":{"allow":["GET"]}}],"collection":[{"href":"https:\/\/cenedcursos.com.br\/posgraduacao\/wp-json\/wp\/v2\/product"}],"about":[{"href":"https:\/\/cenedcursos.com.br\/posgraduacao\/wp-json\/wp\/v2\/types\/product"}],"wp:featuredmedia":[{"embeddable":true,"href":"https:\/\/cenedcursos.com.br\/posgraduacao\/wp-json\/wp\/v2\/media\/1746"}],"wp:attachment":[{"href":"https:\/\/cenedcursos.com.br\/posgraduacao\/wp-json\/wp\/v2\/media?parent=1744"}],"wp:term":[{"taxonomy":"product_brand","embeddable":true,"href":"https:\/\/cenedcursos.com.br\/posgraduacao\/wp-json\/wp\/v2\/product_brand?post=1744"},{"taxonomy":"product_cat","embeddable":true,"href":"https:\/\/cenedcursos.com.br\/posgraduacao\/wp-json\/wp\/v2\/product_cat?post=1744"},{"taxonomy":"product_tag","embeddable":true,"href":"https:\/\/cenedcursos.com.br\/posgraduacao\/wp-json\/wp\/v2\/product_tag?post=1744"}],"curies":[{"name":"wp","href":"https:\/\/api.w.org\/{rel}","templated":true}]}}